{"id":7304,"date":"2025-02-27T11:48:53","date_gmt":"2025-02-27T10:48:53","guid":{"rendered":"https:\/\/www.mindyourstep.ch\/solutions\/leadership-talent-development\/"},"modified":"2025-06-13T21:12:05","modified_gmt":"2025-06-13T19:12:05","slug":"leadership-talent-development","status":"publish","type":"page","link":"https:\/\/www.mindyourstep.ch\/en\/solutions\/leadership-talent-development\/","title":{"rendered":"Leadership &#038; talent development"},"content":{"rendered":"<div class=\"wpb-content-wrapper\">[vc_row css=&#8221;.vc_custom_1495002864951{padding-top: 1px !important;padding-bottom: 1px !important;background-color: #eaeaea !important;}&#8221;][vc_column][\/vc_column][\/vc_row][vc_row column_spacing=&#8221;0px&#8221; center_row=&#8221;yes&#8221; css=&#8221;.vc_custom_1745418581449{margin-top: 50px !important;padding-bottom: 100px !important;background: #ffffff url(https:\/\/www.mindyourstep.ch\/wp-content\/uploads\/2025\/02\/mys-backgrounds-2024_leadership.jpg?id=6798) !important;background-position: 0 0 !important;background-repeat: no-repeat !important;}&#8221; wpex_bg_position=&#8221;bottom left&#8221;][vc_column width=&#8221;1\/4&#8243; css=&#8221;.vc_custom_1740418235089{padding-bottom: 50px !important;background-position: center !important;background-repeat: no-repeat !important;background-size: cover !important;}&#8221; wpex_bg_position=&#8221;bottom left&#8221;][vc_column_text css=&#8221;.vc_custom_1749841836279{margin-bottom: 30px !important;}&#8221; text_align=&#8221;left&#8221;]<strong><span style=\"color: #a5c839;\">LEADERSHIP &amp; TALENT DEVELOPMENT<\/span><\/strong><br \/>\n<span style=\"color: #5b7276; font-size: 14px;\"><a style=\"color: #5b7276;\" href=\"https:\/\/www.mindyourstep.ch\/en\/solutions\/leadership-talent-development\/leadership-coaching-sparring\/\">\u00bb Leadership Coaching &amp; Sparring<\/a><\/span><br \/>\n<span style=\"color: #5b7276; font-size: 14px;\"><a style=\"color: #5b7276;\" href=\"https:\/\/www.mindyourstep.ch\/en\/solutions\/leadership-talent-development\/potential-development\/\">\u00bb Potential Development<\/a><\/span><br \/>\n<span style=\"color: #5b7276; font-size: 14px;\"><a style=\"color: #5b7276;\" href=\"https:\/\/www.mindyourstep.ch\/en\/solutions\/leadership-talent-development\/management-assessment\/\">\u00bb Management Assessment<\/a><\/span>[\/vc_column_text]<a href=\"https:\/\/www.mindyourstep.ch\/en\/solutions\/factsheets\/\" class=\"vcex-button theme-button inline\"><span class=\"vcex-button-inner theme-button-inner wpex-flex wpex-flex-wrap wpex-items-center wpex-justify-center\">ORDER FACTSHEETS<\/span><\/a> [\/vc_column][vc_column width=&#8221;3\/4&#8243; css=&#8221;.vc_custom_1740418280488{padding-bottom: 100px !important;}&#8221;][vc_column_text css=&#8221;&#8221;]<strong><span style=\"color: #1d9ea8; font-size: 19px;\">\u00abLEAD WITH IMPACT, UNLOCK POTENTIAL\u00bb<\/span><\/strong><\/p>\n<p>We provide tailored leadership and talent development solutions. With experience in evaluating potential, we help leaders and high potentials adapt and excel.[\/vc_column_text]<div class=\"vcex-spacing wpex-w-100 wpex-clear\" style=\"height:40px;\"><\/div><style>.vcex-grid-container.vcex_69eee86380b5a{gap:0px;}<\/style><div class=\"vcex-grid-container vcex-module wpex-grid wpex-gap-20 wpex-grid-cols-3 hidden-phone-small vc_custom_1745418592670 vcex_69eee86380b5a\"><style>.vcex-image.vcex_69eee863810e4 .vcex-image-inner{max-width:80%;}<\/style><figure class=\"vcex-image vcex-module vcex_69eee863810e4\"><div class=\"vcex-image-inner wpex-relative wpex-inline-block hvr hvr-float-shadow\"><a href=\"https:\/\/www.mindyourstep.ch\/en\/solutions\/board-c-suite\/\"><img width=\"525\" height=\"525\" src=\"https:\/\/www.mindyourstep.ch\/wp-content\/uploads\/2025\/02\/B-Board.png\" class=\"vcex-image-img wpex-align-middle\" alt=\"Board &amp; C-Suite |\u00a0mindyourstep L\u00f6sungen\" loading=\"lazy\" decoding=\"async\" srcset=\"https:\/\/www.mindyourstep.ch\/wp-content\/uploads\/2025\/02\/B-Board.png 525w, https:\/\/www.mindyourstep.ch\/wp-content\/uploads\/2025\/02\/B-Board-500x500.png 500w, https:\/\/www.mindyourstep.ch\/wp-content\/uploads\/2025\/02\/B-Board-150x150.png 150w\" sizes=\"auto, (max-width: 525px) 100vw, 525px\" \/><\/a><\/div><\/figure><style>.vcex-image.vcex_69eee86382df4 .vcex-image-inner{max-width:80%;}<\/style><figure class=\"vcex-image vcex-module vcex_69eee86382df4\"><div class=\"vcex-image-inner wpex-relative wpex-inline-block hvr hvr-float-shadow\"><a href=\"https:\/\/www.mindyourstep.ch\/en\/solutions\/career-cycle-management\/\"><img width=\"525\" height=\"522\" src=\"https:\/\/www.mindyourstep.ch\/wp-content\/uploads\/2025\/02\/B-Career-02.png\" class=\"vcex-image-img wpex-align-middle\" alt=\"Career Cycle Management |\u00a0mindyourstep L\u00f6sungen\" loading=\"lazy\" decoding=\"async\" srcset=\"https:\/\/www.mindyourstep.ch\/wp-content\/uploads\/2025\/02\/B-Career-02.png 525w, https:\/\/www.mindyourstep.ch\/wp-content\/uploads\/2025\/02\/B-Career-02-500x497.png 500w, https:\/\/www.mindyourstep.ch\/wp-content\/uploads\/2025\/02\/B-Career-02-150x150.png 150w\" sizes=\"auto, (max-width: 525px) 100vw, 525px\" \/><\/a><\/div><\/figure><style>.vcex-image.vcex_69eee86383dc9 .vcex-image-inner{max-width:80%;}<\/style><figure class=\"vcex-image vcex-module vcex_69eee86383dc9\"><div class=\"vcex-image-inner wpex-relative wpex-inline-block hvr hvr-float-shadow\"><a href=\"https:\/\/www.mindyourstep.ch\/en\/solutions\/retreat-keynotes\/\"><img width=\"525\" height=\"525\" src=\"https:\/\/www.mindyourstep.ch\/wp-content\/uploads\/2025\/02\/Retreat-und-Keynotes.png\" class=\"vcex-image-img wpex-align-middle\" alt=\"Retreat &amp; Keynotes |\u00a0mindyourstep L\u00f6sungen\" loading=\"lazy\" decoding=\"async\" srcset=\"https:\/\/www.mindyourstep.ch\/wp-content\/uploads\/2025\/02\/Retreat-und-Keynotes.png 525w, https:\/\/www.mindyourstep.ch\/wp-content\/uploads\/2025\/02\/Retreat-und-Keynotes-500x500.png 500w, https:\/\/www.mindyourstep.ch\/wp-content\/uploads\/2025\/02\/Retreat-und-Keynotes-150x150.png 150w\" sizes=\"auto, (max-width: 525px) 100vw, 525px\" \/><\/a><\/div><\/figure><\/div><style>.vcex-grid-container.vcex_69eee86384cdd{gap:0px;}<\/style><div class=\"vcex-grid-container vcex-module wpex-grid wpex-gap-20 wpex-grid-cols-3 visible-phone-small vc_custom_1745418613265 vcex_69eee86384cdd\"><style>.vcex-image.vcex_69eee863850ce .vcex-image-inner{max-width:80%;}<\/style><figure class=\"vcex-image vcex-module vcex_69eee863850ce\"><div class=\"vcex-image-inner wpex-relative wpex-inline-block hvr hvr-float-shadow\"><a href=\"https:\/\/www.mindyourstep.ch\/en\/solutions\/board-c-suite\/\"><img width=\"525\" height=\"525\" src=\"https:\/\/www.mindyourstep.ch\/wp-content\/uploads\/2025\/02\/B-Board.png\" class=\"vcex-image-img wpex-align-middle\" alt=\"Board &amp; C-Suite |\u00a0mindyourstep L\u00f6sungen\" loading=\"lazy\" decoding=\"async\" srcset=\"https:\/\/www.mindyourstep.ch\/wp-content\/uploads\/2025\/02\/B-Board.png 525w, https:\/\/www.mindyourstep.ch\/wp-content\/uploads\/2025\/02\/B-Board-500x500.png 500w, https:\/\/www.mindyourstep.ch\/wp-content\/uploads\/2025\/02\/B-Board-150x150.png 150w\" sizes=\"auto, (max-width: 525px) 100vw, 525px\" \/><\/a><\/div><\/figure><style>.vcex-image.vcex_69eee863856f1 .vcex-image-inner{max-width:80%;}<\/style><figure class=\"vcex-image vcex-module vcex_69eee863856f1\"><div class=\"vcex-image-inner wpex-relative wpex-inline-block hvr hvr-float-shadow\"><a href=\"https:\/\/www.mindyourstep.ch\/en\/solutions\/career-cycle-management\/\"><img width=\"525\" height=\"522\" src=\"https:\/\/www.mindyourstep.ch\/wp-content\/uploads\/2025\/02\/B-Career-02.png\" class=\"vcex-image-img wpex-align-middle\" alt=\"Career Cycle Management |\u00a0mindyourstep L\u00f6sungen\" loading=\"lazy\" decoding=\"async\" srcset=\"https:\/\/www.mindyourstep.ch\/wp-content\/uploads\/2025\/02\/B-Career-02.png 525w, https:\/\/www.mindyourstep.ch\/wp-content\/uploads\/2025\/02\/B-Career-02-500x497.png 500w, https:\/\/www.mindyourstep.ch\/wp-content\/uploads\/2025\/02\/B-Career-02-150x150.png 150w\" sizes=\"auto, (max-width: 525px) 100vw, 525px\" \/><\/a><\/div><\/figure><style>.vcex-image.vcex_69eee86385cf9 .vcex-image-inner{max-width:80%;}<\/style><figure class=\"vcex-image vcex-module vcex_69eee86385cf9\"><div class=\"vcex-image-inner wpex-relative wpex-inline-block hvr hvr-float-shadow\"><a href=\"https:\/\/www.mindyourstep.ch\/en\/solutions\/retreat-keynotes\/\"><img width=\"525\" height=\"525\" src=\"https:\/\/www.mindyourstep.ch\/wp-content\/uploads\/2025\/02\/Retreat-und-Keynotes.png\" class=\"vcex-image-img wpex-align-middle\" alt=\"Retreat &amp; Keynotes |\u00a0mindyourstep L\u00f6sungen\" loading=\"lazy\" decoding=\"async\" srcset=\"https:\/\/www.mindyourstep.ch\/wp-content\/uploads\/2025\/02\/Retreat-und-Keynotes.png 525w, https:\/\/www.mindyourstep.ch\/wp-content\/uploads\/2025\/02\/Retreat-und-Keynotes-500x500.png 500w, https:\/\/www.mindyourstep.ch\/wp-content\/uploads\/2025\/02\/Retreat-und-Keynotes-150x150.png 150w\" sizes=\"auto, (max-width: 525px) 100vw, 525px\" \/><\/a><\/div><\/figure><\/div><div class=\"vcex-spacing wpex-w-100 wpex-clear\" style=\"height:40px;\"><\/div><div class=\"vcex-spacing wpex-w-100 wpex-clear\" style=\"height:40px;\"><\/div><div class=\"vcex-spacing wpex-w-100 wpex-clear\" style=\"height:40px;\"><\/div>[\/vc_column][\/vc_row]\n<\/div>","protected":false},"excerpt":{"rendered":"<p>[vc_row css=&#8221;.vc_custom_1495002864951{padding-top: 1px !important;padding-bottom: 1px !important;background-color: #eaeaea !important;}&#8221;][vc_column][\/vc_column][\/vc_row][vc_row column_spacing=&#8221;0px&#8221; center_row=&#8221;yes&#8221; css=&#8221;.vc_custom_1745418581449{margin-top: 50px !important;padding-bottom: 100px !important;background: #ffffff url(https:\/\/www.mindyourstep.ch\/wp-content\/uploads\/2025\/02\/mys-backgrounds-2024_leadership.jpg?id=6798) !important;background-position: 0 0 !important;background-repeat: no-repeat !important;}&#8221; wpex_bg_position=&#8221;bottom left&#8221;][vc_column width=&#8221;1\/4&#8243; css=&#8221;.vc_custom_1740418235089{padding-bottom: 50px !important;background-position: center !important;background-repeat: no-repeat !important;background-size: cover !important;}&#8221; wpex_bg_position=&#8221;bottom left&#8221;][vc_column_text css=&#8221;.vc_custom_1749841836279{margin-bottom: 30px !important;}&#8221; text_align=&#8221;left&#8221;]LEADERSHIP &amp; TALENT DEVELOPMENT \u00bb Leadership Coaching &amp; Sparring \u00bb Potential Development \u00bb Management Assessment[\/vc_column_text][\/vc_column][vc_column&hellip;<\/p>\n","protected":false},"author":1,"featured_media":0,"parent":7281,"menu_order":0,"comment_status":"closed","ping_status":"closed","template":"","meta":{"inline_featured_image":false,"footnotes":""},"class_list":["post-7304","page","type-page","status-publish","hentry","entry","no-media"],"yoast_head":"<!-- This site is optimized with the Yoast SEO plugin v27.4 - https:\/\/yoast.com\/product\/yoast-seo-wordpress\/ -->\n<title>Leadership &amp; Talent Development \u2013 Zukunft f\u00fchren &amp; sichern<\/title>\n<meta name=\"description\" content=\"F\u00fchrung gezielt entwickeln, Talente f\u00f6rdern &amp; Nachfolge sichern \u2013 mit Sparring, Assessments &amp; Strategie. Jetzt Leadership st\u00e4rken &amp; ins Gespr\u00e4ch kommen!\" \/>\n<meta name=\"robots\" content=\"index, follow, max-snippet:-1, max-image-preview:large, max-video-preview:-1\" \/>\n<link rel=\"canonical\" href=\"https:\/\/www.mindyourstep.ch\/en\/solutions\/leadership-talent-development\/\" \/>\n<meta property=\"og:locale\" content=\"en_US\" \/>\n<meta property=\"og:type\" content=\"article\" \/>\n<meta property=\"og:title\" content=\"Leadership &amp; Talent Development \u2013 Zukunft f\u00fchren &amp; sichern\" \/>\n<meta property=\"og:description\" content=\"F\u00fchrung gezielt entwickeln, Talente f\u00f6rdern &amp; Nachfolge sichern \u2013 mit Sparring, Assessments &amp; Strategie. Jetzt Leadership st\u00e4rken &amp; ins Gespr\u00e4ch kommen!\" \/>\n<meta property=\"og:url\" content=\"https:\/\/www.mindyourstep.ch\/en\/solutions\/leadership-talent-development\/\" \/>\n<meta property=\"og:site_name\" content=\"mindyourstep GmbH\" \/>\n<meta property=\"article:modified_time\" content=\"2025-06-13T19:12:05+00:00\" \/>\n<meta property=\"og:image\" content=\"https:\/\/www.mindyourstep.ch\/wp-content\/uploads\/2025\/02\/MYS_slide-one-pictore-one.jpg\" \/>\n\t<meta property=\"og:image:width\" content=\"2560\" \/>\n\t<meta property=\"og:image:height\" content=\"1707\" \/>\n\t<meta property=\"og:image:type\" content=\"image\/jpeg\" \/>\n<meta name=\"twitter:card\" content=\"summary_large_image\" \/>\n<meta name=\"twitter:label1\" content=\"Est. reading time\" \/>\n\t<meta name=\"twitter:data1\" content=\"2 minutes\" \/>\n<script type=\"application\/ld+json\" class=\"yoast-schema-graph\">{\"@context\":\"https:\\\/\\\/schema.org\",\"@graph\":[{\"@type\":\"WebPage\",\"@id\":\"https:\\\/\\\/www.mindyourstep.ch\\\/en\\\/solutions\\\/leadership-talent-development\\\/\",\"url\":\"https:\\\/\\\/www.mindyourstep.ch\\\/en\\\/solutions\\\/leadership-talent-development\\\/\",\"name\":\"Leadership & Talent Development \u2013 Zukunft f\u00fchren & sichern\",\"isPartOf\":{\"@id\":\"https:\\\/\\\/www.mindyourstep.ch\\\/en\\\/#website\"},\"datePublished\":\"2025-02-27T10:48:53+00:00\",\"dateModified\":\"2025-06-13T19:12:05+00:00\",\"description\":\"F\u00fchrung gezielt entwickeln, Talente f\u00f6rdern & Nachfolge sichern \u2013 mit Sparring, Assessments & Strategie. Jetzt Leadership st\u00e4rken & ins Gespr\u00e4ch kommen!\",\"breadcrumb\":{\"@id\":\"https:\\\/\\\/www.mindyourstep.ch\\\/en\\\/solutions\\\/leadership-talent-development\\\/#breadcrumb\"},\"inLanguage\":\"en-US\",\"potentialAction\":[{\"@type\":\"ReadAction\",\"target\":[\"https:\\\/\\\/www.mindyourstep.ch\\\/en\\\/solutions\\\/leadership-talent-development\\\/\"]}]},{\"@type\":\"BreadcrumbList\",\"@id\":\"https:\\\/\\\/www.mindyourstep.ch\\\/en\\\/solutions\\\/leadership-talent-development\\\/#breadcrumb\",\"itemListElement\":[{\"@type\":\"ListItem\",\"position\":1,\"name\":\"Startseite\",\"item\":\"https:\\\/\\\/www.mindyourstep.ch\\\/en\\\/\"},{\"@type\":\"ListItem\",\"position\":2,\"name\":\"Solutions\",\"item\":\"https:\\\/\\\/www.mindyourstep.ch\\\/en\\\/solutions\\\/\"},{\"@type\":\"ListItem\",\"position\":3,\"name\":\"Leadership &#038; talent development\"}]},{\"@type\":\"WebSite\",\"@id\":\"https:\\\/\\\/www.mindyourstep.ch\\\/en\\\/#website\",\"url\":\"https:\\\/\\\/www.mindyourstep.ch\\\/en\\\/\",\"name\":\"mindyourstep GmbH\",\"description\":\"Chancen im Wandel, Zukunft gestalten\",\"publisher\":{\"@id\":\"https:\\\/\\\/www.mindyourstep.ch\\\/en\\\/#organization\"},\"potentialAction\":[{\"@type\":\"SearchAction\",\"target\":{\"@type\":\"EntryPoint\",\"urlTemplate\":\"https:\\\/\\\/www.mindyourstep.ch\\\/en\\\/?s={search_term_string}\"},\"query-input\":{\"@type\":\"PropertyValueSpecification\",\"valueRequired\":true,\"valueName\":\"search_term_string\"}}],\"inLanguage\":\"en-US\"},{\"@type\":\"Organization\",\"@id\":\"https:\\\/\\\/www.mindyourstep.ch\\\/en\\\/#organization\",\"name\":\"mindyourstep GmbH\",\"url\":\"https:\\\/\\\/www.mindyourstep.ch\\\/en\\\/\",\"logo\":{\"@type\":\"ImageObject\",\"inLanguage\":\"en-US\",\"@id\":\"https:\\\/\\\/www.mindyourstep.ch\\\/en\\\/#\\\/schema\\\/logo\\\/image\\\/\",\"url\":\"https:\\\/\\\/www.mindyourstep.ch\\\/wp-content\\\/uploads\\\/2017\\\/03\\\/logomindyourstep_20170328.png\",\"contentUrl\":\"https:\\\/\\\/www.mindyourstep.ch\\\/wp-content\\\/uploads\\\/2017\\\/03\\\/logomindyourstep_20170328.png\",\"width\":836,\"height\":246,\"caption\":\"mindyourstep GmbH\"},\"image\":{\"@id\":\"https:\\\/\\\/www.mindyourstep.ch\\\/en\\\/#\\\/schema\\\/logo\\\/image\\\/\"}}]}<\/script>\n<!-- \/ Yoast SEO plugin. -->","yoast_head_json":{"title":"Leadership & Talent Development \u2013 Zukunft f\u00fchren & sichern","description":"F\u00fchrung gezielt entwickeln, Talente f\u00f6rdern & Nachfolge sichern \u2013 mit Sparring, Assessments & Strategie. Jetzt Leadership st\u00e4rken & ins Gespr\u00e4ch kommen!","robots":{"index":"index","follow":"follow","max-snippet":"max-snippet:-1","max-image-preview":"max-image-preview:large","max-video-preview":"max-video-preview:-1"},"canonical":"https:\/\/www.mindyourstep.ch\/en\/solutions\/leadership-talent-development\/","og_locale":"en_US","og_type":"article","og_title":"Leadership & Talent Development \u2013 Zukunft f\u00fchren & sichern","og_description":"F\u00fchrung gezielt entwickeln, Talente f\u00f6rdern & Nachfolge sichern \u2013 mit Sparring, Assessments & Strategie. Jetzt Leadership st\u00e4rken & ins Gespr\u00e4ch kommen!","og_url":"https:\/\/www.mindyourstep.ch\/en\/solutions\/leadership-talent-development\/","og_site_name":"mindyourstep GmbH","article_modified_time":"2025-06-13T19:12:05+00:00","og_image":[{"width":2560,"height":1707,"url":"https:\/\/www.mindyourstep.ch\/wp-content\/uploads\/2025\/02\/MYS_slide-one-pictore-one.jpg","type":"image\/jpeg"}],"twitter_card":"summary_large_image","twitter_misc":{"Est. reading time":"2 minutes"},"schema":{"@context":"https:\/\/schema.org","@graph":[{"@type":"WebPage","@id":"https:\/\/www.mindyourstep.ch\/en\/solutions\/leadership-talent-development\/","url":"https:\/\/www.mindyourstep.ch\/en\/solutions\/leadership-talent-development\/","name":"Leadership & Talent Development \u2013 Zukunft f\u00fchren & sichern","isPartOf":{"@id":"https:\/\/www.mindyourstep.ch\/en\/#website"},"datePublished":"2025-02-27T10:48:53+00:00","dateModified":"2025-06-13T19:12:05+00:00","description":"F\u00fchrung gezielt entwickeln, Talente f\u00f6rdern & Nachfolge sichern \u2013 mit Sparring, Assessments & Strategie. Jetzt Leadership st\u00e4rken & ins Gespr\u00e4ch kommen!","breadcrumb":{"@id":"https:\/\/www.mindyourstep.ch\/en\/solutions\/leadership-talent-development\/#breadcrumb"},"inLanguage":"en-US","potentialAction":[{"@type":"ReadAction","target":["https:\/\/www.mindyourstep.ch\/en\/solutions\/leadership-talent-development\/"]}]},{"@type":"BreadcrumbList","@id":"https:\/\/www.mindyourstep.ch\/en\/solutions\/leadership-talent-development\/#breadcrumb","itemListElement":[{"@type":"ListItem","position":1,"name":"Startseite","item":"https:\/\/www.mindyourstep.ch\/en\/"},{"@type":"ListItem","position":2,"name":"Solutions","item":"https:\/\/www.mindyourstep.ch\/en\/solutions\/"},{"@type":"ListItem","position":3,"name":"Leadership &#038; talent development"}]},{"@type":"WebSite","@id":"https:\/\/www.mindyourstep.ch\/en\/#website","url":"https:\/\/www.mindyourstep.ch\/en\/","name":"mindyourstep GmbH","description":"Chancen im Wandel, Zukunft gestalten","publisher":{"@id":"https:\/\/www.mindyourstep.ch\/en\/#organization"},"potentialAction":[{"@type":"SearchAction","target":{"@type":"EntryPoint","urlTemplate":"https:\/\/www.mindyourstep.ch\/en\/?s={search_term_string}"},"query-input":{"@type":"PropertyValueSpecification","valueRequired":true,"valueName":"search_term_string"}}],"inLanguage":"en-US"},{"@type":"Organization","@id":"https:\/\/www.mindyourstep.ch\/en\/#organization","name":"mindyourstep GmbH","url":"https:\/\/www.mindyourstep.ch\/en\/","logo":{"@type":"ImageObject","inLanguage":"en-US","@id":"https:\/\/www.mindyourstep.ch\/en\/#\/schema\/logo\/image\/","url":"https:\/\/www.mindyourstep.ch\/wp-content\/uploads\/2017\/03\/logomindyourstep_20170328.png","contentUrl":"https:\/\/www.mindyourstep.ch\/wp-content\/uploads\/2017\/03\/logomindyourstep_20170328.png","width":836,"height":246,"caption":"mindyourstep GmbH"},"image":{"@id":"https:\/\/www.mindyourstep.ch\/en\/#\/schema\/logo\/image\/"}}]}},"_links":{"self":[{"href":"https:\/\/www.mindyourstep.ch\/en\/wp-json\/wp\/v2\/pages\/7304","targetHints":{"allow":["GET"]}}],"collection":[{"href":"https:\/\/www.mindyourstep.ch\/en\/wp-json\/wp\/v2\/pages"}],"about":[{"href":"https:\/\/www.mindyourstep.ch\/en\/wp-json\/wp\/v2\/types\/page"}],"author":[{"embeddable":true,"href":"https:\/\/www.mindyourstep.ch\/en\/wp-json\/wp\/v2\/users\/1"}],"replies":[{"embeddable":true,"href":"https:\/\/www.mindyourstep.ch\/en\/wp-json\/wp\/v2\/comments?post=7304"}],"version-history":[{"count":3,"href":"https:\/\/www.mindyourstep.ch\/en\/wp-json\/wp\/v2\/pages\/7304\/revisions"}],"predecessor-version":[{"id":7378,"href":"https:\/\/www.mindyourstep.ch\/en\/wp-json\/wp\/v2\/pages\/7304\/revisions\/7378"}],"up":[{"embeddable":true,"href":"https:\/\/www.mindyourstep.ch\/en\/wp-json\/wp\/v2\/pages\/7281"}],"wp:attachment":[{"href":"https:\/\/www.mindyourstep.ch\/en\/wp-json\/wp\/v2\/media?parent=7304"}],"curies":[{"name":"wp","href":"https:\/\/api.w.org\/{rel}","templated":true}]}}