{"id":7320,"date":"2025-02-20T13:29:45","date_gmt":"2025-02-20T12:29:45","guid":{"rendered":"https:\/\/www.mindyourstep.ch\/insights\/news-media\/"},"modified":"2025-06-13T21:49:18","modified_gmt":"2025-06-13T19:49:18","slug":"news-media","status":"publish","type":"page","link":"https:\/\/www.mindyourstep.ch\/en\/insights\/news-media\/","title":{"rendered":"News &#038; Media"},"content":{"rendered":"<div class=\"wpb-content-wrapper\">[vc_row css=&#8221;.vc_custom_1495007675859{padding-top: 1px !important;padding-bottom: 1px !important;background-color: #eaeaea !important;}&#8221;][vc_column][\/vc_column][\/vc_row][vc_row center_row=&#8221;yes&#8221; css=&#8221;.vc_custom_1495547464214{margin-top: 50px !important;padding-bottom: 60px !important;background-color: #ffffff !important;}&#8221;][vc_column width=&#8221;1\/4&#8243;][vc_column_text css=&#8221;.vc_custom_1749810105793{margin-bottom: 60px !important;}&#8221; text_align=&#8221;center&#8221;]\n<p style=\"text-align: left;\"><a href=\"https:\/\/www.mindyourstep.ch\/en\/insights\/network\/\"><span style=\"color: #7a9ab7;\">NETWORK<\/span><\/a><\/p>\n<p style=\"text-align: left;\"><strong><span style=\"color: #1799bc;\">NEWS &amp; MEDIA<\/span><\/strong><\/p>\n<p style=\"text-align: left;\"><a href=\"https:\/\/www.mindyourstep.ch\/en\/insights\/donations\/\"><span style=\"color: #ddac0a;\">DONATIONS<\/span><\/a><\/p>\n[\/vc_column_text][\/vc_column][vc_column width=&#8221;3\/4&#8243;][vc_column_text css=&#8221;.vc_custom_1749810148858{margin-bottom: 60px !important;}&#8221; text_align=&#8221;left&#8221;]\n<p style=\"text-align: left;\"><strong><span style=\"color: #1d9ea8; font-size: 18px;\">\u00abSHARE KNOWLEDGE, SHAPE THE FUTURE\u00bb<\/span><\/strong><\/p>\n<p>Knowledge is the key to shaping change. Our contributions aim to inspire and empower leaders, HR professionals, and change agents to take action.<\/p>\n<p>We are convinced: Shared knowledge strengthens the future. Our contributions are aimed at anyone who wants to play an active role in shaping change in the world of work &#8211; whether as a member of the highest management bodies, HR executive, leader or expert with change ambitions. Our aim is to support individuals and organisations in their further development.<\/p>\n<p>Your experience and insights are valuable. We not only want to share our knowledge but also learn from you. Let&#8217;s start a dialogue! Discover our contributions via various channels, take part in our events and share your thoughts with us. Let&#8217;s shape the future together.[\/vc_column_text]<style>.vcex-heading.vcex_69ef0d2adf141 .vcex-heading-inner{border-color:#1d9ea8;}.vcex-heading.vcex_69ef0d2adf141{color:#5b7276;font-size:18px;}<\/style><div class=\"vcex-heading vcex-heading-bottom-border-w-color vcex-module wpex-heading wpex-text-2xl wpex-text-left wpex-border-b-2 wpex-border-solid wpex-border-main vcex_69ef0d2adf141\"><span class=\"vcex-heading-inner wpex-inline-block wpex-relative wpex-pb-5 wpex-border-b-2 wpex-border-solid wpex-border-accent\">Social Media &amp; News<\/span><\/div><div class=\"vcex-spacing wpex-w-100 wpex-clear\"><\/div>[vc_row_inner content_placement=&#8221;middle&#8221;][vc_column_inner width=&#8221;1\/3&#8243;]<figure class=\"vcex-image vcex-module\"><div class=\"vcex-image-inner wpex-relative wpex-inline-block\"><img width=\"500\" height=\"333\" src=\"https:\/\/www.mindyourstep.ch\/wp-content\/uploads\/2025\/05\/social-media_LinkedIn-MYS.jpg\" class=\"vcex-image-img wpex-align-middle\" alt=\"Social Media mindyourstep|\u00a0Linkedin\" loading=\"lazy\" decoding=\"async\" srcset=\"https:\/\/www.mindyourstep.ch\/wp-content\/uploads\/2025\/05\/social-media_LinkedIn-MYS.jpg 500w, https:\/\/www.mindyourstep.ch\/wp-content\/uploads\/2025\/05\/social-media_LinkedIn-MYS-24x16.jpg 24w, https:\/\/www.mindyourstep.ch\/wp-content\/uploads\/2025\/05\/social-media_LinkedIn-MYS-36x24.jpg 36w, https:\/\/www.mindyourstep.ch\/wp-content\/uploads\/2025\/05\/social-media_LinkedIn-MYS-48x32.jpg 48w\" sizes=\"auto, (max-width: 500px) 100vw, 500px\" \/><\/div><\/figure>[\/vc_column_inner][vc_column_inner width=&#8221;2\/3&#8243;]<style>.vcex-heading.vcex_69ef0d2ae29cc{color:#15494c;}<\/style><div class=\"vcex-heading vcex-heading-plain vcex-module wpex-h2 vcex_69ef0d2ae29cc\"><span class=\"vcex-heading-inner wpex-inline-block\">Updates on LinkedIn<\/span><\/div>[vc_column_text css=&#8221;.vc_custom_1749844026528{margin-bottom: 60px !important;}&#8221; text_align=&#8221;left&#8221;]Follow us on LinkedIn for news, expert insights, and updates from our team.<\/p>\n<p><a href=\"https:\/\/www.linkedin.com\/company\/mindyourstep\/\" target=\"_blank\" rel=\"noopener\">Visit our LinkedIn page here.<\/a>[\/vc_column_text][\/vc_column_inner][\/vc_row_inner]<div class=\"vcex-spacing wpex-w-100 wpex-clear\"><\/div>[\/vc_column][\/vc_row][vc_row disable_element=&#8221;yes&#8221; center_row=&#8221;yes&#8221; css=&#8221;.vc_custom_1748427786985{margin-top: 50px !important;padding-bottom: 60px !important;background-color: #ffffff !important;}&#8221;][vc_column width=&#8221;1\/4&#8243;][vc_column_text css=&#8221;.vc_custom_1740599330819{margin-bottom: 60px !important;}&#8221; text_align=&#8221;center&#8221;]\n<p style=\"text-align: left;\"><a href=\"https:\/\/www.mindyourstep.ch\/en\/insights\/network\/\"><span style=\"color: #7a9ab7;\">NETZWERK<\/span><\/a><\/p>\n<p style=\"text-align: left;\"><strong><span style=\"color: #1799bc;\">NEWS &amp; MEDIA<\/span><\/strong><\/p>\n<p style=\"text-align: left;\"><a href=\"https:\/\/www.mindyourstep.ch\/en\/insights\/donations\/\"><span style=\"color: #ddac0a;\">DONATIONS<\/span><\/a><\/p>\n[\/vc_column_text][\/vc_column][vc_column width=&#8221;3\/4&#8243;][vc_column_text css=&#8221;.vc_custom_1740564025122{margin-bottom: 60px !important;}&#8221; text_align=&#8221;left&#8221;]\n<p style=\"text-align: left;\"><strong><span style=\"color: #1d9ea8; font-size: 18px;\">\u00abWISSEN TEILEN, ZUKUNFT GESTALTEN\u00bb<\/span><\/strong><\/p>\n<p>In einer dynamischen Welt ist Wissen der entscheidende Erfolgsfaktor. Wir teilen relevante Einblicke und inspirierende Impulse, um Wandel aktiv zu gestalten.<\/p>\n<p>Wir sind \u00fcberzeugt: Geteiltes Wissen st\u00e4rkt die Zukunft. Unsere Beitr\u00e4ge richten sich an alle, die den Wandel der Arbeitswelt aktiv mitgestalten m\u00f6chten \u2013 sei es als Mitglied der obersten F\u00fchrungsgremien, HR-Executive, Leader oder Experte mit Ver\u00e4nderungsambitionen. Unser Ziel: Individuen und Organisationen in ihrer Weiterentwicklung zu unterst\u00fctzen.<\/p>\n<p>Ihre Erfahrungen und Einblicke sind wertvoll. Wir m\u00f6chten nicht nur unser Wissen teilen, sondern auch von Ihnen lernen. Lassen Sie uns ins Gespr\u00e4ch kommen! Entdecken Sie unsere Beitr\u00e4ge \u00fcber verschiedene Kan\u00e4le, nehmen Sie an unseren Events teil und teilen Sie Ihre Gedanken mit uns. Gemeinsam gestalten wir die Zukunft.[\/vc_column_text]<style>.vcex-heading.vcex_69ef0d2ae3b26 .vcex-heading-inner{border-color:#1d9ea8;}.vcex-heading.vcex_69ef0d2ae3b26{color:#5b7276;font-size:18px;}<\/style><div class=\"vcex-heading vcex-heading-bottom-border-w-color vcex-module wpex-heading wpex-text-2xl wpex-text-left wpex-border-b-2 wpex-border-solid wpex-border-main vcex_69ef0d2ae3b26\"><span class=\"vcex-heading-inner wpex-inline-block wpex-relative wpex-pb-5 wpex-border-b-2 wpex-border-solid wpex-border-accent\">Social Media &amp; News<\/span><\/div><div class=\"vcex-spacing wpex-w-100 wpex-clear\"><\/div>[vc_raw_html css=&#8221;&#8221;]JTNDJTIxLS0lMjBFbGZzaWdodCUyMExpbmtlZEluJTIwRmVlZCUyMCU3QyUyMFVudGl0bGVkJTIwTGlua2VkSW4lMjBGZWVkJTIwLS0lM0UlMEElM0NzY3JpcHQlMjBzcmMlM0QlMjJodHRwcyUzQSUyRiUyRnN0YXRpYy5lbGZzaWdodC5jb20lMkZwbGF0Zm9ybSUyRnBsYXRmb3JtLmpzJTIyJTIwYXN5bmMlM0UlM0MlMkZzY3JpcHQlM0UlMEElM0NkaXYlMjBjbGFzcyUzRCUyMmVsZnNpZ2h0LWFwcC1lOTQ5ZGUwOS05Yjc3LTRlNWEtODUwZS1lMzA0OTQwNThlYmIlMjIlMjBkYXRhLWVsZnNpZ2h0LWFwcC1sYXp5JTNFJTNDJTJGZGl2JTNF[\/vc_raw_html]<div class=\"vcex-spacing wpex-w-100 wpex-clear\"><\/div>[\/vc_column][\/vc_row][vc_row center_row=&#8221;yes&#8221; css=&#8221;.vc_custom_1494526063663{padding-top: 60px !important;padding-bottom: 60px !important;background-color: #f6f6f6 !important;}&#8221;][vc_column width=&#8221;1\/4&#8243;][\/vc_column][vc_column width=&#8221;3\/4&#8243;]<style>.vcex-heading.vcex_69ef0d2ae49ab .vcex-heading-inner{border-color:#1d9ea8;}.vcex-heading.vcex_69ef0d2ae49ab{color:#5b7276;font-size:18px;}<\/style><div class=\"vcex-heading vcex-heading-bottom-border-w-color vcex-module wpex-heading wpex-text-2xl wpex-text-left wpex-border-b-2 wpex-border-solid wpex-border-main vcex_69ef0d2ae49ab\"><span class=\"vcex-heading-inner wpex-inline-block wpex-relative wpex-pb-5 wpex-border-b-2 wpex-border-solid wpex-border-accent\">Interviews &amp; Workshops<\/span><\/div><div class=\"vcex-spacing wpex-w-100 wpex-clear\"><\/div><div class=\"uavc-list-icon uavc-list-icon-wrapper ult-adjust-bottom-margin   \"><ul class=\"uavc-list\"><li><div class=\"uavc-list-content\" id=\"list-icon-wrap-1751\">\n<div class=\"uavc-list-icon  \" data-animation=\"\" data-animation-delay=\"03\" style=\"margin-right:20px;\"><div class=\"ult-just-icon-wrapper  \"><div class=\"align-icon\" style=\"text-align:center;\">\n<div class=\"aio-icon none \"  style=\"color:#a6c836;font-size:10px;display:inline-block;\">\n\t<i class=\"Defaults-circle\"><\/i>\n<\/div><\/div><\/div>\n<\/div><span  data-ultimate-target='#list-icon-wrap-1751 .uavc-list-desc'  data-responsive-json-new='{\"font-size\":\"\",\"line-height\":\"\"}'  class=\"uavc-list-desc ult-responsive\" style=\"\"><span style=\"color: #5b7276;\">House of Switzerland: <a style=\"color: #5b7276;\" href=\"https:\/\/www.linkedin.com\/company\/die-botschaft-der-schweiz-in-deutschland\/\" target=\"_blank\" rel=\"noopener\">Die Botschaft der Schweiz in Deutschland<\/a> und das <a style=\"color: #5b7276;\" href=\"https:\/\/www.linkedin.com\/company\/eda-dfae-fdfa\/\" target=\"_blank\" rel=\"noopener\">EDA-DFAE-FDFA<\/a> haben Dr. Daniela Haze St\u00f6ckli eingeladen, damit sich Unternehmer:innen aus der <a style=\"color: #5b7276;\" href=\"https:\/\/www.linkedin.com\/feed\/hashtag\/?keywords=schweiz&amp;highlightedUpdateUrns=urn%3Ali%3Aactivity%3A6947930374014447616\" target=\"_blank\" rel=\"noopener\">Schweiz<\/a> und <a style=\"color: #5b7276;\" href=\"https:\/\/www.linkedin.com\/feed\/hashtag\/?keywords=deutschland&amp;highlightedUpdateUrns=urn%3Ali%3Aactivity%3A6947930374014447616\" target=\"_blank\" rel=\"noopener\">Deutschland<\/a> gemeinsam zu den unterschiedlichen Herausforderungen, den Weg zum Erfolg und zu Ver\u00e4nderungen in der Arbeitswelt von heute und morgen im &#8220;So Schweiz!&#8221; Pop-up House of Switzerland in M\u00fcnchen austauschen konnten. Welche Eigenschaften zeichnen eine erfolgreiche <a style=\"color: #5b7276;\" href=\"https:\/\/www.linkedin.com\/feed\/hashtag\/?keywords=unternehmerin&amp;highlightedUpdateUrns=urn%3Ali%3Aactivity%3A6947931653440745472\" target=\"_blank\" rel=\"noopener\">Unternehmerin<\/a> aus? &#8211; Juni 2022 &#8211; <a href=\"https:\/\/www.linkedin.com\/posts\/mindyourstep_unternehmerin-schweiz-deutschland-activity-6947930374014447616-FtQR?utm_source=linkedin_share&amp;utm_medium=member_desktop_web\" target=\"_blank\" rel=\"noopener\"><em><strong>Jetzt Bilder ansehen<\/strong><\/em><\/a><\/span><\/span><\/div><\/li><li><div class=\"uavc-list-content\" id=\"list-icon-wrap-8754\">\n<div class=\"uavc-list-icon  \" data-animation=\"\" data-animation-delay=\"03\" style=\"margin-right:20px;\"><div class=\"ult-just-icon-wrapper  \"><div class=\"align-icon\" style=\"text-align:center;\">\n<div class=\"aio-icon none \"  style=\"color:#a6c836;font-size:10px;display:inline-block;\">\n\t<i class=\"Defaults-circle\"><\/i>\n<\/div><\/div><\/div>\n<\/div><span  data-ultimate-target='#list-icon-wrap-8754 .uavc-list-desc'  data-responsive-json-new='{\"font-size\":\"\",\"line-height\":\"\"}'  class=\"uavc-list-desc ult-responsive\" style=\"\">League of Leading Ladies Conference 2022 (Workshop Summary): &#8220;What prevents women from breaking through the glass ceiling and getting a position on an Executive Board of Directors?&#8221; &#8211; Juni 2022 &#8211; <span style=\"color: #1d9ea8;\"><em><strong><a style=\"color: #1d9ea8;\" href=\"https:\/\/www.mindyourstep.ch\/wp-content\/uploads\/2022\/07\/06-22_League-of-leading-ladies-conference-2022_Workshop-Summary.pdf\" target=\"_blank\" rel=\"noopener noreferrer\">Jetzt lesen<\/a><\/strong><\/em><\/span><\/span><\/div><\/li><li><div class=\"uavc-list-content\" id=\"list-icon-wrap-8521\">\n<div class=\"uavc-list-icon  \" data-animation=\"\" data-animation-delay=\"03\" style=\"margin-right:20px;\"><div class=\"ult-just-icon-wrapper  \"><div class=\"align-icon\" style=\"text-align:center;\">\n<div class=\"aio-icon none \"  style=\"color:#a6c836;font-size:10px;display:inline-block;\">\n\t<i class=\"Defaults-circle\"><\/i>\n<\/div><\/div><\/div>\n<\/div><span  data-ultimate-target='#list-icon-wrap-8521 .uavc-list-desc'  data-responsive-json-new='{\"font-size\":\"\",\"line-height\":\"\"}'  class=\"uavc-list-desc ult-responsive\" style=\"\">Finews\/ Karriere: &#8220;Niemand mag Verwaltungsrat sein, wenn es schief geht&#8221;, Gespr\u00e4ch mit Dr. Daniela Haze St\u00f6ckli &#8211; 06. Mai 2022 &#8211; <span style=\"color: #1d9ea8;\"><em><strong><a style=\"color: #1d9ea8;\" href=\"https:\/\/www.finews.ch\/themen\/finews-life\/51332-verwaltungsrat-anforderungen-daniela-haze-fabienne-meier-max-meistermindyourstep-knight-gianella-2\" target=\"_blank\" rel=\"noopener noreferrer\">Jetzt lesen<\/a><\/strong><\/em><\/span><\/span><\/div><\/li><li><div class=\"uavc-list-content\" id=\"list-icon-wrap-7043\">\n<div class=\"uavc-list-icon  \" data-animation=\"\" data-animation-delay=\"03\" style=\"margin-right:20px;\"><div class=\"ult-just-icon-wrapper  \"><div class=\"align-icon\" style=\"text-align:center;\">\n<div class=\"aio-icon none \"  style=\"color:#a6c836;font-size:10px;display:inline-block;\">\n\t<i class=\"Defaults-circle\"><\/i>\n<\/div><\/div><\/div>\n<\/div><span  data-ultimate-target='#list-icon-wrap-7043 .uavc-list-desc'  data-responsive-json-new='{\"font-size\":\"\",\"line-height\":\"\"}'  class=\"uavc-list-desc ult-responsive\" style=\"\">Women in Business: Beitrag von Dr. Daniela Haze St\u00f6ckli zum Thema &#8220;Frauen und M\u00e4nner sprechen beruflich eine andere Sprache&#8221; &#8211; M\u00e4rz\/ April 2022 &#8211; <span style=\"color: #1d9ea8;\"><em><strong><a style=\"color: #1d9ea8;\" href=\"https:\/\/www.mindyourstep.ch\/wp-content\/uploads\/2022\/07\/03_04-22_Women-in-Business_Frauen-und-Maenner-sprechen-beruflich-eine-andere-Sprache.pdf\" target=\"_blank\" rel=\"noopener noreferrer\">Jetzt lesen<\/a><\/strong><\/em><\/span><\/span><\/div><\/li><li><div class=\"uavc-list-content\" id=\"list-icon-wrap-9312\">\n<div class=\"uavc-list-icon  \" data-animation=\"\" data-animation-delay=\"03\" style=\"margin-right:20px;\"><div class=\"ult-just-icon-wrapper  \"><div class=\"align-icon\" style=\"text-align:center;\">\n<div class=\"aio-icon none \"  style=\"color:#a6c836;font-size:10px;display:inline-block;\">\n\t<i class=\"Defaults-circle\"><\/i>\n<\/div><\/div><\/div>\n<\/div><span  data-ultimate-target='#list-icon-wrap-9312 .uavc-list-desc'  data-responsive-json-new='{\"font-size\":\"\",\"line-height\":\"\"}'  class=\"uavc-list-desc ult-responsive\" style=\"\">Finews: Beitrag von Dr. Daniela Haze St\u00f6ckli zum Thema &#8220;Der Aufstieg der ESG-Banker&#8221; &#8211; 01. November 2021 &#8211; <span style=\"color: #1d9ea8;\"><em><strong><a style=\"color: #1d9ea8;\" href=\"https:\/\/www.mindyourstep.ch\/wp-content\/uploads\/2022\/07\/211101_Finews_Der-Aufstieg-der-ESG_Banker.pdf\" target=\"_blank\" rel=\"noopener noreferrer\">Jetzt lesen<\/a><\/strong><\/em><\/span><\/span><\/div><\/li><li><div class=\"uavc-list-content\" id=\"list-icon-wrap-4483\">\n<div class=\"uavc-list-icon  \" data-animation=\"\" data-animation-delay=\"03\" style=\"margin-right:20px;\"><div class=\"ult-just-icon-wrapper  \"><div class=\"align-icon\" style=\"text-align:center;\">\n<div class=\"aio-icon none \"  style=\"color:#a6c836;font-size:10px;display:inline-block;\">\n\t<i class=\"Defaults-circle\"><\/i>\n<\/div><\/div><\/div>\n<\/div><span  data-ultimate-target='#list-icon-wrap-4483 .uavc-list-desc'  data-responsive-json-new='{\"font-size\":\"\",\"line-height\":\"\"}'  class=\"uavc-list-desc ult-responsive\" style=\"\">eFinancialCareers: &#8220;Vom Investmentbanker zum H\u00fcttenwart&#8221;, Rudolf W\u00f6tzel &#8211; 29. Januar 2013 &#8211; <span style=\"color: #1d9ea8;\"><em><strong><a style=\"color: #1d9ea8;\" href=\"http:\/\/news.efinancialcareers.com\/ch-de\/133046\/vom-investmentbanker-zum-huttenwirt-interview-mit-einem-aussteiger\/\" target=\"_blank\" rel=\"noopener noreferrer\">Jetzt lesen<\/a><\/strong><\/em><\/span><\/span><\/div><\/li><li><div class=\"uavc-list-content\" id=\"list-icon-wrap-8323\">\n<div class=\"uavc-list-icon  \" data-animation=\"\" data-animation-delay=\"03\" style=\"margin-right:20px;\"><div class=\"ult-just-icon-wrapper  \"><div class=\"align-icon\" style=\"text-align:center;\">\n<div class=\"aio-icon none \"  style=\"color:#a6c836;font-size:10px;display:inline-block;\">\n\t<i class=\"Defaults-circle\"><\/i>\n<\/div><\/div><\/div>\n<\/div><span  data-ultimate-target='#list-icon-wrap-8323 .uavc-list-desc'  data-responsive-json-new='{\"font-size\":\"\",\"line-height\":\"\"}'  class=\"uavc-list-desc ult-responsive\" style=\"\">Best of Alps: &#8220;\u00dcber die Alpen in ein neues Leben&#8221;, Interview mit Rudolf W\u00f6tzel &#8211; <em><strong><span style=\"color: #1d9ea8;\"><a style=\"color: #1d9ea8;\" href=\"https:\/\/www.bestofthealps.com\/de\/d\/davos\/rudolf-woetzel-berghaus-gemsli-uber-die-alpen-ein-neues-leben\/\" target=\"_blank\" rel=\"noopener noreferrer\">Jetzt lesen<\/a><\/span><\/strong><\/em><\/span><\/div><\/li><li><div class=\"uavc-list-content\" id=\"list-icon-wrap-7364\">\n<div class=\"uavc-list-icon  \" data-animation=\"\" data-animation-delay=\"03\" style=\"margin-right:20px;\"><div class=\"ult-just-icon-wrapper  \"><div class=\"align-icon\" style=\"text-align:center;\">\n<div class=\"aio-icon none \"  style=\"color:#a6c836;font-size:10px;display:inline-block;\">\n\t<i class=\"Defaults-circle\"><\/i>\n<\/div><\/div><\/div>\n<\/div><span  data-ultimate-target='#list-icon-wrap-7364 .uavc-list-desc'  data-responsive-json-new='{\"font-size\":\"\",\"line-height\":\"\"}'  class=\"uavc-list-desc ult-responsive\" style=\"\">finews.ch: &#8220;Vier F\u00fcnftel der Arbeitsstellen werden unter der Hand vergeben&#8221;, Interview mit Jan B. Keller &#8211; 20. Dezember 2013 &#8211; <em><strong><span style=\"color: #1d9ea8;\"><a style=\"color: #1d9ea8;\" href=\"http:\/\/www.finews.ch\/themen\/karriere\/14018-outplacement-branchenwechsel-finanzbereich-grass-partner\" target=\"_blank\" rel=\"noopener noreferrer\">Jetzt lesen<\/a><\/span><\/strong><\/em><\/span><\/div><\/li><\/ul><\/div>[\/vc_column][\/vc_row][vc_row center_row=&#8221;yes&#8221; css=&#8221;.vc_custom_1747322729700{padding-top: 60px !important;padding-bottom: 60px !important;}&#8221;][vc_column width=&#8221;1\/4&#8243;][\/vc_column][vc_column width=&#8221;3\/4&#8243;]<style>.vcex-heading.vcex_69ef0d2ae7be7 .vcex-heading-inner{border-color:#1d9ea8;}.vcex-heading.vcex_69ef0d2ae7be7{color:#5b7276;font-size:18px;}<\/style><div class=\"vcex-heading vcex-heading-bottom-border-w-color vcex-module wpex-heading wpex-text-2xl wpex-text-left wpex-border-b-2 wpex-border-solid wpex-border-main vcex_69ef0d2ae7be7\"><span class=\"vcex-heading-inner wpex-inline-block wpex-relative wpex-pb-5 wpex-border-b-2 wpex-border-solid wpex-border-accent\">TV, Podcast, Radio &amp; Video<\/span><\/div><div class=\"vcex-spacing wpex-w-100 wpex-clear\"><\/div><div class=\"uavc-list-icon uavc-list-icon-wrapper ult-adjust-bottom-margin   \"><ul class=\"uavc-list\"><li><div class=\"uavc-list-content\" id=\"list-icon-wrap-5457\">\n<div class=\"uavc-list-icon  \" data-animation=\"\" data-animation-delay=\"03\" style=\"margin-right:20px;\"><div class=\"ult-just-icon-wrapper  \"><div class=\"align-icon\" style=\"text-align:center;\">\n<div class=\"aio-icon none \"  style=\"color:#a6c836;font-size:10px;display:inline-block;\">\n\t<i class=\"Defaults-circle\"><\/i>\n<\/div><\/div><\/div>\n<\/div><span  data-ultimate-target='#list-icon-wrap-5457 .uavc-list-desc'  data-responsive-json-new='{\"font-size\":\"\",\"line-height\":\"\"}'  class=\"uavc-list-desc ult-responsive\" style=\"\">Spotify podcast skills@home: &#8220;Warum die Tendenz zur Homogenit\u00e4t in Spitzenpositionen aufgebrochen werden muss | Im Gespr\u00e4ch mit mindyourstep&#8221; &#8211; 26. April 2022 &#8211; <em><strong><span style=\"color: #1d9ea8;\"><a style=\"color: #1d9ea8;\" href=\"https:\/\/open.spotify.com\/episode\/4wG4iasggDfh4QBqZed0fp\" target=\"_blank\" rel=\"noopener noreferrer\">Jetzt anh\u00f6ren<\/a><\/span><\/strong><\/em><\/span><\/div><\/li><li><div class=\"uavc-list-content\" id=\"list-icon-wrap-2574\">\n<div class=\"uavc-list-icon  \" data-animation=\"\" data-animation-delay=\"03\" style=\"margin-right:20px;\"><div class=\"ult-just-icon-wrapper  \"><div class=\"align-icon\" style=\"text-align:center;\">\n<div class=\"aio-icon none \"  style=\"color:#a6c836;font-size:10px;display:inline-block;\">\n\t<i class=\"Defaults-circle\"><\/i>\n<\/div><\/div><\/div>\n<\/div><span  data-ultimate-target='#list-icon-wrap-2574 .uavc-list-desc'  data-responsive-json-new='{\"font-size\":\"\",\"line-height\":\"\"}'  class=\"uavc-list-desc ult-responsive\" style=\"\">TV SRF: &#8221; Manager-Suizid: Knallharte Unternehmenskultur&#8221;, Rudolf W\u00f6tzel &#8211; 07. Juni 2016 &#8211; <em><strong><span style=\"color: #1d9ea8;\"><a style=\"color: #1d9ea8;\" href=\"http:\/\/www.srf.ch\/sendungen\/club\/manager-suizid-knallharte-unternehmenskultur\" target=\"_blank\" rel=\"noopener noreferrer\">Jetzt ansehen<\/a><\/span><\/strong><\/em><\/span><\/div><\/li><li><div class=\"uavc-list-content\" id=\"list-icon-wrap-5607\">\n<div class=\"uavc-list-icon  \" data-animation=\"\" data-animation-delay=\"03\" style=\"margin-right:20px;\"><div class=\"ult-just-icon-wrapper  \"><div class=\"align-icon\" style=\"text-align:center;\">\n<div class=\"aio-icon none \"  style=\"color:#a6c836;font-size:10px;display:inline-block;\">\n\t<i class=\"Defaults-circle\"><\/i>\n<\/div><\/div><\/div>\n<\/div><span  data-ultimate-target='#list-icon-wrap-5607 .uavc-list-desc'  data-responsive-json-new='{\"font-size\":\"\",\"line-height\":\"\"}'  class=\"uavc-list-desc ult-responsive\" style=\"\">Radio SRF 3: \u201eBonus ist eine Droge\u201c, Rudolf W\u00f6tzel &#8211; Ex-Banker und H\u00fcttenwirt, 7. Oktober 2013 &#8211; <em><strong><span style=\"color: #1d9ea8;\"><a style=\"color: #1d9ea8;\" href=\"http:\/\/www.srf.ch\/sendungen\/focus\/rudolf-woetzel-ex-banker-und-huettenwirt-bonus-ist-eine-droge\" target=\"_blank\" rel=\"noopener noreferrer\">Jetzt anh\u00f6ren<\/a><\/span><\/strong><\/em><\/span><\/div><\/li><li><div class=\"uavc-list-content\" id=\"list-icon-wrap-4163\">\n<div class=\"uavc-list-icon  \" data-animation=\"\" data-animation-delay=\"03\" style=\"margin-right:20px;\"><div class=\"ult-just-icon-wrapper  \"><div class=\"align-icon\" style=\"text-align:center;\">\n<div class=\"aio-icon none \"  style=\"color:#a6c836;font-size:10px;display:inline-block;\">\n\t<i class=\"Defaults-circle\"><\/i>\n<\/div><\/div><\/div>\n<\/div><span  data-ultimate-target='#list-icon-wrap-4163 .uavc-list-desc'  data-responsive-json-new='{\"font-size\":\"\",\"line-height\":\"\"}'  class=\"uavc-list-desc ult-responsive\" style=\"\">Youtube: &#8220;FAQ Bregenzerwald&#8221;, Rudolf W\u00f6tzel im Gespr\u00e4ch &#8211; 25. Oktober 2016 &#8211; <em><strong><span style=\"color: #1d9ea8;\"><a style=\"color: #1d9ea8;\" href=\"https:\/\/www.youtube.com\/watch?v=SIjbzXHp-AM\" target=\"_blank\" rel=\"noopener noreferrer\">Jetzt ansehen<\/a><\/span><\/strong><\/em><\/span><\/div><\/li><li><div class=\"uavc-list-content\" id=\"list-icon-wrap-7020\">\n<div class=\"uavc-list-icon  \" data-animation=\"\" data-animation-delay=\"03\" style=\"margin-right:20px;\"><div class=\"ult-just-icon-wrapper  \"><div class=\"align-icon\" style=\"text-align:center;\">\n<div class=\"aio-icon none \"  style=\"color:#a6c836;font-size:10px;display:inline-block;\">\n\t<i class=\"Defaults-circle\"><\/i>\n<\/div><\/div><\/div>\n<\/div><span  data-ultimate-target='#list-icon-wrap-7020 .uavc-list-desc'  data-responsive-json-new='{\"font-size\":\"\",\"line-height\":\"\"}'  class=\"uavc-list-desc ult-responsive\" style=\"\">Youtube: IM DIALOG mit Michael Krons, Rudolf W\u00f6tzel &#8211; 30. August 2013 &#8211; <span style=\"color: #1d9ea8;\"><em><strong><a style=\"color: #1d9ea8;\" href=\"https:\/\/www.youtube.com\/watch?v=WrthSuw6kcs\" target=\"_blank\" rel=\"noopener noreferrer\">Jetzt ansehen<\/a><\/strong><\/em><\/span><\/span><\/div><\/li><li><div class=\"uavc-list-content\" id=\"list-icon-wrap-6158\">\n<div class=\"uavc-list-icon  \" data-animation=\"\" data-animation-delay=\"03\" style=\"margin-right:20px;\"><div class=\"ult-just-icon-wrapper  \"><div class=\"align-icon\" style=\"text-align:center;\">\n<div class=\"aio-icon none \"  style=\"color:#a6c836;font-size:10px;display:inline-block;\">\n\t<i class=\"Defaults-circle\"><\/i>\n<\/div><\/div><\/div>\n<\/div><span  data-ultimate-target='#list-icon-wrap-6158 .uavc-list-desc'  data-responsive-json-new='{\"font-size\":\"\",\"line-height\":\"\"}'  class=\"uavc-list-desc ult-responsive\" style=\"\">Youtube: Interview Leipziger Buchmesse, &#8220;\u00dcber die Berge zu mir selbst&#8221;, Rudolf W\u00f6tzel &#8211; 22. April 2009 &#8211;<em><strong><span style=\"color: #1d9ea8;\"> <a style=\"color: #1d9ea8;\" href=\"https:\/\/www.youtube.com\/watch?v=OHbtOJOx9zo\" target=\"_blank\" rel=\"noopener noreferrer\">Jetzt ansehen<\/a><\/span><\/strong><\/em><\/span><\/div><\/li><\/ul><\/div>[\/vc_column][\/vc_row][vc_row center_row=&#8221;yes&#8221; css=&#8221;.vc_custom_1747322740247{border-bottom-width: 60px !important;padding-top: 60px !important;background-color: #F6F6F6 !important;}&#8221;][vc_column width=&#8221;1\/4&#8243;][\/vc_column][vc_column width=&#8221;3\/4&#8243;]<style>.vcex-heading.vcex_69ef0d2ae8eba .vcex-heading-inner{border-color:#1d9ea8;}.vcex-heading.vcex_69ef0d2ae8eba{color:#5b7276;font-size:18px;}<\/style><div class=\"vcex-heading vcex-heading-bottom-border-w-color vcex-module wpex-heading wpex-text-2xl wpex-text-left wpex-border-b-2 wpex-border-solid wpex-border-main vcex_69ef0d2ae8eba\"><span class=\"vcex-heading-inner wpex-inline-block wpex-relative wpex-pb-5 wpex-border-b-2 wpex-border-solid wpex-border-accent\">Books &amp; Movies<\/span><\/div><div class=\"vcex-spacing wpex-w-100 wpex-clear\"><\/div>[vc_row_inner][vc_column_inner][vc_column_text css=&#8221;.vc_custom_1749844141580{margin-bottom: 30px !important;}&#8221; text_align=&#8221;left&#8221;]\n<p style=\"text-align: left;\"><span style=\"font-size: 15px;\"><img loading=\"lazy\" decoding=\"async\" class=\"wp-image-5806 alignleft\" src=\"https:\/\/www.mindyourstep.ch\/wp-content\/uploads\/2017\/04\/ueber-die-berge-zu-mir-selbst-woetzel.jpg\" alt=\"\" width=\"100\" height=\"159\" \/><strong>\u00dcber die Berge zu mir selbst<\/strong><br \/>\n<strong>Autor<\/strong>: Rudolf W\u00f6tzel<br \/>\n<strong>Erscheinungsdatum<\/strong>: 2009<\/span><br \/>\n<a href=\"https:\/\/www.mindyourstep.ch\/en\/insights\/news-media\/book-order\/\" target=\"_blank\" rel=\"noopener noreferrer\"><em><strong><span style=\"color: #1d9ea8;\">Get it now<\/span><\/strong><\/em><\/a><\/p>\n[\/vc_column_text][\/vc_column_inner][\/vc_row_inner]<div class=\"vcex-spacing wpex-w-100 wpex-clear\" style=\"height:20px;\"><\/div>[vc_row_inner][vc_column_inner][vc_column_text css=&#8221;.vc_custom_1749844130930{margin-bottom: 30px !important;}&#8221; text_align=&#8221;left&#8221;]\n<p style=\"text-align: left;\"><span style=\"font-size: 15px;\"><img loading=\"lazy\" decoding=\"async\" class=\"wp-image-5807 alignleft\" src=\"https:\/\/www.mindyourstep.ch\/wp-content\/uploads\/2017\/04\/das-leben-liegt-hinter-der-naechsten-kurve-woetzel.jpg\" alt=\"\" width=\"100\" height=\"150\" \/><strong>Das Leben liegt hinter der n\u00e4chsten Kurve<\/strong><br \/>\n<strong>Autor<\/strong>: Rudolf W\u00f6tzel<br \/>\n<strong>Erscheinungsdatum<\/strong>: 2011<\/span><br \/>\n<a href=\"https:\/\/www.mindyourstep.ch\/en\/insights\/news-media\/book-order\/\" target=\"_blank\" rel=\"noopener noreferrer\"><em><strong><span style=\"color: #1d9ea8;\">Get it now<\/span><\/strong><\/em><\/a><\/p>\n[\/vc_column_text][\/vc_column_inner][\/vc_row_inner]<div class=\"vcex-spacing wpex-w-100 wpex-clear\" style=\"height:20px;\"><\/div>[vc_row_inner][vc_column_inner][vc_column_text css=&#8221;.vc_custom_1749844152347{margin-bottom: 30px !important;}&#8221; text_align=&#8221;left&#8221;]\n<p style=\"text-align: left;\"><span style=\"font-size: 15px;\"><img loading=\"lazy\" decoding=\"async\" class=\"wp-image-6258 size-full alignleft\" src=\"https:\/\/www.mindyourstep.ch\/wp-content\/uploads\/2017\/04\/from-business-to-being-bestellen.jpg\" alt=\"\" width=\"100\" height=\"150\" \/><strong>From Business to Being<\/strong><br \/>\nEin Dokumentarfilm von Hanna Henigin &amp; Julian Wildgruber<br \/>\n<\/span><span style=\"font-size: 15px;\">Mit Rudolf W\u00f6tzel u.a. als Protagonisten<br \/>\n<strong>Erscheinungsdatum<\/strong>: 2017<\/span><br \/>\n<a href=\"http:\/\/business2being.com\/de\/\" target=\"_blank\" rel=\"noopener noreferrer\"><em><strong><span style=\"color: #1d9ea8;\">Find out more<\/span><\/strong><\/em><\/a><br \/>\n<a href=\"http:\/\/business2being.com\/de\/vorbestellung-from-business-to-being\/\" target=\"_blank\" rel=\"noopener noreferrer\"><em><strong><span style=\"color: #1d9ea8;\">Get it now<\/span><\/strong><\/em><\/a><\/p>\n[\/vc_column_text][\/vc_column_inner][\/vc_row_inner]<div class=\"vcex-spacing wpex-w-100 wpex-clear\" style=\"height:20px;\"><\/div><div class=\"vcex-spacing wpex-w-100 wpex-clear\" style=\"height:20px;\"><\/div>[\/vc_column][\/vc_row]\n<\/div>","protected":false},"excerpt":{"rendered":"<p>[vc_row css=&#8221;.vc_custom_1495007675859{padding-top: 1px !important;padding-bottom: 1px !important;background-color: #eaeaea !important;}&#8221;][vc_column][\/vc_column][\/vc_row][vc_row center_row=&#8221;yes&#8221; css=&#8221;.vc_custom_1495547464214{margin-top: 50px !important;padding-bottom: 60px !important;background-color: #ffffff !important;}&#8221;][vc_column width=&#8221;1\/4&#8243;][vc_column_text css=&#8221;.vc_custom_1749810105793{margin-bottom: 60px !important;}&#8221; text_align=&#8221;center&#8221;] NETWORK NEWS &amp; MEDIA DONATIONS [\/vc_column_text][\/vc_column][vc_column width=&#8221;3\/4&#8243;][vc_column_text css=&#8221;.vc_custom_1749810148858{margin-bottom: 60px !important;}&#8221; text_align=&#8221;left&#8221;] \u00abSHARE KNOWLEDGE, SHAPE THE FUTURE\u00bb Knowledge is the key to shaping change. Our contributions aim to inspire and empower leaders, HR professionals, and&hellip;<\/p>\n","protected":false},"author":2,"featured_media":0,"parent":7309,"menu_order":0,"comment_status":"closed","ping_status":"closed","template":"","meta":{"inline_featured_image":false,"footnotes":""},"class_list":["post-7320","page","type-page","status-publish","hentry","entry","no-media"],"yoast_head":"<!-- This site is optimized with the Yoast SEO plugin v27.4 - https:\/\/yoast.com\/product\/yoast-seo-wordpress\/ -->\n<title>News &amp; Media | Wissen teilen<\/title>\n<meta name=\"description\" content=\"Aktuelles von mindyourstep: Beitr\u00e4ge auf LinkedIn, Keynotes &amp; Workshops mit Impulsen f\u00fcr Leader. Jetzt entdecken &amp; mit uns ins Gespr\u00e4ch kommen!\" \/>\n<meta name=\"robots\" content=\"index, follow, max-snippet:-1, max-image-preview:large, max-video-preview:-1\" \/>\n<link rel=\"canonical\" href=\"https:\/\/www.mindyourstep.ch\/en\/insights\/news-media\/\" \/>\n<meta property=\"og:locale\" content=\"en_US\" \/>\n<meta property=\"og:type\" content=\"article\" \/>\n<meta property=\"og:title\" content=\"News &amp; Media | Wissen teilen\" \/>\n<meta property=\"og:description\" content=\"Aktuelles von mindyourstep: Beitr\u00e4ge auf LinkedIn, Keynotes &amp; Workshops mit Impulsen f\u00fcr Leader. Jetzt entdecken &amp; mit uns ins Gespr\u00e4ch kommen!\" \/>\n<meta property=\"og:url\" content=\"https:\/\/www.mindyourstep.ch\/en\/insights\/news-media\/\" \/>\n<meta property=\"og:site_name\" content=\"mindyourstep GmbH\" \/>\n<meta property=\"article:modified_time\" content=\"2025-06-13T19:49:18+00:00\" \/>\n<meta property=\"og:image\" content=\"https:\/\/www.mindyourstep.ch\/wp-content\/uploads\/2017\/04\/ueber-die-berge-zu-mir-selbst-woetzel.jpg\" \/>\n\t<meta property=\"og:image:width\" content=\"313\" \/>\n\t<meta property=\"og:image:height\" content=\"499\" \/>\n\t<meta property=\"og:image:type\" content=\"image\/jpeg\" \/>\n<meta name=\"twitter:card\" content=\"summary_large_image\" \/>\n<meta name=\"twitter:label1\" content=\"Est. reading time\" \/>\n\t<meta name=\"twitter:data1\" content=\"6 minutes\" \/>\n<script type=\"application\/ld+json\" class=\"yoast-schema-graph\">{\"@context\":\"https:\\\/\\\/schema.org\",\"@graph\":[{\"@type\":\"WebPage\",\"@id\":\"https:\\\/\\\/www.mindyourstep.ch\\\/en\\\/insights\\\/news-media\\\/\",\"url\":\"https:\\\/\\\/www.mindyourstep.ch\\\/en\\\/insights\\\/news-media\\\/\",\"name\":\"News & Media | Wissen teilen\",\"isPartOf\":{\"@id\":\"https:\\\/\\\/www.mindyourstep.ch\\\/en\\\/#website\"},\"primaryImageOfPage\":{\"@id\":\"https:\\\/\\\/www.mindyourstep.ch\\\/en\\\/insights\\\/news-media\\\/#primaryimage\"},\"image\":{\"@id\":\"https:\\\/\\\/www.mindyourstep.ch\\\/en\\\/insights\\\/news-media\\\/#primaryimage\"},\"thumbnailUrl\":\"https:\\\/\\\/www.mindyourstep.ch\\\/wp-content\\\/uploads\\\/2017\\\/04\\\/ueber-die-berge-zu-mir-selbst-woetzel.jpg\",\"datePublished\":\"2025-02-20T12:29:45+00:00\",\"dateModified\":\"2025-06-13T19:49:18+00:00\",\"description\":\"Aktuelles von mindyourstep: Beitr\u00e4ge auf LinkedIn, Keynotes & Workshops mit Impulsen f\u00fcr Leader. Jetzt entdecken & mit uns ins Gespr\u00e4ch kommen!\",\"breadcrumb\":{\"@id\":\"https:\\\/\\\/www.mindyourstep.ch\\\/en\\\/insights\\\/news-media\\\/#breadcrumb\"},\"inLanguage\":\"en-US\",\"potentialAction\":[{\"@type\":\"ReadAction\",\"target\":[\"https:\\\/\\\/www.mindyourstep.ch\\\/en\\\/insights\\\/news-media\\\/\"]}]},{\"@type\":\"ImageObject\",\"inLanguage\":\"en-US\",\"@id\":\"https:\\\/\\\/www.mindyourstep.ch\\\/en\\\/insights\\\/news-media\\\/#primaryimage\",\"url\":\"https:\\\/\\\/www.mindyourstep.ch\\\/wp-content\\\/uploads\\\/2017\\\/04\\\/ueber-die-berge-zu-mir-selbst-woetzel.jpg\",\"contentUrl\":\"https:\\\/\\\/www.mindyourstep.ch\\\/wp-content\\\/uploads\\\/2017\\\/04\\\/ueber-die-berge-zu-mir-selbst-woetzel.jpg\"},{\"@type\":\"BreadcrumbList\",\"@id\":\"https:\\\/\\\/www.mindyourstep.ch\\\/en\\\/insights\\\/news-media\\\/#breadcrumb\",\"itemListElement\":[{\"@type\":\"ListItem\",\"position\":1,\"name\":\"Startseite\",\"item\":\"https:\\\/\\\/www.mindyourstep.ch\\\/en\\\/\"},{\"@type\":\"ListItem\",\"position\":2,\"name\":\"Insights\",\"item\":\"https:\\\/\\\/www.mindyourstep.ch\\\/en\\\/insights\\\/\"},{\"@type\":\"ListItem\",\"position\":3,\"name\":\"News &#038; Media\"}]},{\"@type\":\"WebSite\",\"@id\":\"https:\\\/\\\/www.mindyourstep.ch\\\/en\\\/#website\",\"url\":\"https:\\\/\\\/www.mindyourstep.ch\\\/en\\\/\",\"name\":\"mindyourstep GmbH\",\"description\":\"Chancen im Wandel, Zukunft gestalten\",\"publisher\":{\"@id\":\"https:\\\/\\\/www.mindyourstep.ch\\\/en\\\/#organization\"},\"potentialAction\":[{\"@type\":\"SearchAction\",\"target\":{\"@type\":\"EntryPoint\",\"urlTemplate\":\"https:\\\/\\\/www.mindyourstep.ch\\\/en\\\/?s={search_term_string}\"},\"query-input\":{\"@type\":\"PropertyValueSpecification\",\"valueRequired\":true,\"valueName\":\"search_term_string\"}}],\"inLanguage\":\"en-US\"},{\"@type\":\"Organization\",\"@id\":\"https:\\\/\\\/www.mindyourstep.ch\\\/en\\\/#organization\",\"name\":\"mindyourstep GmbH\",\"url\":\"https:\\\/\\\/www.mindyourstep.ch\\\/en\\\/\",\"logo\":{\"@type\":\"ImageObject\",\"inLanguage\":\"en-US\",\"@id\":\"https:\\\/\\\/www.mindyourstep.ch\\\/en\\\/#\\\/schema\\\/logo\\\/image\\\/\",\"url\":\"https:\\\/\\\/www.mindyourstep.ch\\\/wp-content\\\/uploads\\\/2017\\\/03\\\/logomindyourstep_20170328.png\",\"contentUrl\":\"https:\\\/\\\/www.mindyourstep.ch\\\/wp-content\\\/uploads\\\/2017\\\/03\\\/logomindyourstep_20170328.png\",\"width\":836,\"height\":246,\"caption\":\"mindyourstep GmbH\"},\"image\":{\"@id\":\"https:\\\/\\\/www.mindyourstep.ch\\\/en\\\/#\\\/schema\\\/logo\\\/image\\\/\"}}]}<\/script>\n<!-- \/ Yoast SEO plugin. -->","yoast_head_json":{"title":"News & Media | Wissen teilen","description":"Aktuelles von mindyourstep: Beitr\u00e4ge auf LinkedIn, Keynotes & Workshops mit Impulsen f\u00fcr Leader. Jetzt entdecken & mit uns ins Gespr\u00e4ch kommen!","robots":{"index":"index","follow":"follow","max-snippet":"max-snippet:-1","max-image-preview":"max-image-preview:large","max-video-preview":"max-video-preview:-1"},"canonical":"https:\/\/www.mindyourstep.ch\/en\/insights\/news-media\/","og_locale":"en_US","og_type":"article","og_title":"News & Media | Wissen teilen","og_description":"Aktuelles von mindyourstep: Beitr\u00e4ge auf LinkedIn, Keynotes & Workshops mit Impulsen f\u00fcr Leader. Jetzt entdecken & mit uns ins Gespr\u00e4ch kommen!","og_url":"https:\/\/www.mindyourstep.ch\/en\/insights\/news-media\/","og_site_name":"mindyourstep GmbH","article_modified_time":"2025-06-13T19:49:18+00:00","og_image":[{"width":313,"height":499,"url":"https:\/\/www.mindyourstep.ch\/wp-content\/uploads\/2017\/04\/ueber-die-berge-zu-mir-selbst-woetzel.jpg","type":"image\/jpeg"}],"twitter_card":"summary_large_image","twitter_misc":{"Est. reading time":"6 minutes"},"schema":{"@context":"https:\/\/schema.org","@graph":[{"@type":"WebPage","@id":"https:\/\/www.mindyourstep.ch\/en\/insights\/news-media\/","url":"https:\/\/www.mindyourstep.ch\/en\/insights\/news-media\/","name":"News & Media | Wissen teilen","isPartOf":{"@id":"https:\/\/www.mindyourstep.ch\/en\/#website"},"primaryImageOfPage":{"@id":"https:\/\/www.mindyourstep.ch\/en\/insights\/news-media\/#primaryimage"},"image":{"@id":"https:\/\/www.mindyourstep.ch\/en\/insights\/news-media\/#primaryimage"},"thumbnailUrl":"https:\/\/www.mindyourstep.ch\/wp-content\/uploads\/2017\/04\/ueber-die-berge-zu-mir-selbst-woetzel.jpg","datePublished":"2025-02-20T12:29:45+00:00","dateModified":"2025-06-13T19:49:18+00:00","description":"Aktuelles von mindyourstep: Beitr\u00e4ge auf LinkedIn, Keynotes & Workshops mit Impulsen f\u00fcr Leader. Jetzt entdecken & mit uns ins Gespr\u00e4ch kommen!","breadcrumb":{"@id":"https:\/\/www.mindyourstep.ch\/en\/insights\/news-media\/#breadcrumb"},"inLanguage":"en-US","potentialAction":[{"@type":"ReadAction","target":["https:\/\/www.mindyourstep.ch\/en\/insights\/news-media\/"]}]},{"@type":"ImageObject","inLanguage":"en-US","@id":"https:\/\/www.mindyourstep.ch\/en\/insights\/news-media\/#primaryimage","url":"https:\/\/www.mindyourstep.ch\/wp-content\/uploads\/2017\/04\/ueber-die-berge-zu-mir-selbst-woetzel.jpg","contentUrl":"https:\/\/www.mindyourstep.ch\/wp-content\/uploads\/2017\/04\/ueber-die-berge-zu-mir-selbst-woetzel.jpg"},{"@type":"BreadcrumbList","@id":"https:\/\/www.mindyourstep.ch\/en\/insights\/news-media\/#breadcrumb","itemListElement":[{"@type":"ListItem","position":1,"name":"Startseite","item":"https:\/\/www.mindyourstep.ch\/en\/"},{"@type":"ListItem","position":2,"name":"Insights","item":"https:\/\/www.mindyourstep.ch\/en\/insights\/"},{"@type":"ListItem","position":3,"name":"News &#038; Media"}]},{"@type":"WebSite","@id":"https:\/\/www.mindyourstep.ch\/en\/#website","url":"https:\/\/www.mindyourstep.ch\/en\/","name":"mindyourstep GmbH","description":"Chancen im Wandel, Zukunft gestalten","publisher":{"@id":"https:\/\/www.mindyourstep.ch\/en\/#organization"},"potentialAction":[{"@type":"SearchAction","target":{"@type":"EntryPoint","urlTemplate":"https:\/\/www.mindyourstep.ch\/en\/?s={search_term_string}"},"query-input":{"@type":"PropertyValueSpecification","valueRequired":true,"valueName":"search_term_string"}}],"inLanguage":"en-US"},{"@type":"Organization","@id":"https:\/\/www.mindyourstep.ch\/en\/#organization","name":"mindyourstep GmbH","url":"https:\/\/www.mindyourstep.ch\/en\/","logo":{"@type":"ImageObject","inLanguage":"en-US","@id":"https:\/\/www.mindyourstep.ch\/en\/#\/schema\/logo\/image\/","url":"https:\/\/www.mindyourstep.ch\/wp-content\/uploads\/2017\/03\/logomindyourstep_20170328.png","contentUrl":"https:\/\/www.mindyourstep.ch\/wp-content\/uploads\/2017\/03\/logomindyourstep_20170328.png","width":836,"height":246,"caption":"mindyourstep GmbH"},"image":{"@id":"https:\/\/www.mindyourstep.ch\/en\/#\/schema\/logo\/image\/"}}]}},"_links":{"self":[{"href":"https:\/\/www.mindyourstep.ch\/en\/wp-json\/wp\/v2\/pages\/7320","targetHints":{"allow":["GET"]}}],"collection":[{"href":"https:\/\/www.mindyourstep.ch\/en\/wp-json\/wp\/v2\/pages"}],"about":[{"href":"https:\/\/www.mindyourstep.ch\/en\/wp-json\/wp\/v2\/types\/page"}],"author":[{"embeddable":true,"href":"https:\/\/www.mindyourstep.ch\/en\/wp-json\/wp\/v2\/users\/2"}],"replies":[{"embeddable":true,"href":"https:\/\/www.mindyourstep.ch\/en\/wp-json\/wp\/v2\/comments?post=7320"}],"version-history":[{"count":3,"href":"https:\/\/www.mindyourstep.ch\/en\/wp-json\/wp\/v2\/pages\/7320\/revisions"}],"predecessor-version":[{"id":7396,"href":"https:\/\/www.mindyourstep.ch\/en\/wp-json\/wp\/v2\/pages\/7320\/revisions\/7396"}],"up":[{"embeddable":true,"href":"https:\/\/www.mindyourstep.ch\/en\/wp-json\/wp\/v2\/pages\/7309"}],"wp:attachment":[{"href":"https:\/\/www.mindyourstep.ch\/en\/wp-json\/wp\/v2\/media?parent=7320"}],"curies":[{"name":"wp","href":"https:\/\/api.w.org\/{rel}","templated":true}]}}